{"id":19556,"date":"2020-03-04T18:40:06","date_gmt":"2020-03-04T18:40:06","guid":{"rendered":"https:\/\/durigutti.com\/nossa-colecao\/vinos-de-finca\/durigutti-pie-de-monte\/"},"modified":"2026-04-29T02:10:15","modified_gmt":"2026-04-29T02:10:15","slug":"durigutti-pie-de-monte-viticultores","status":"publish","type":"page","link":"https:\/\/durigutti.com\/pt-br\/vinhos-e-bebidas\/vinhos-de-finca\/durigutti-pie-de-monte-viticultores\/","title":{"rendered":"Durigutti Pie de Monte Viticultores"},"content":{"rendered":"<div class=\"wpb-content-wrapper\"><p>[vc_row content_text_aligment=&#8221;center&#8221; css=&#8221;.vc_custom_1520992245288{padding-top: 50px !important;padding-bottom: 10px !important;background-color: #1d1d1b !important;background-position: center !important;background-repeat: no-repeat !important;background-size: cover !important;}&#8221;][vc_column width=&#8221;1\/6&#8243;][\/vc_column][vc_column width=&#8221;2\/3&#8243;]<div class=\"eltdf-section-title-holder\" style=\"text-align: center\">\n\t\t\t<h3 class=\"eltdf-st-title\" style=\"color: #ffffff\">\n\t\t\t<span>DURIGUTTI PIE DE MONTE VITICULTORES<\/span>\n\t\t<\/h3>\n                    <div class=\"eltdf-st-separator clearfix\">\n                <div class=\"eltdf-separator\" style=\"border-color: #d16d25\"><\/div>\n            <\/div>\n        \t\t\t<\/div>[vc_empty_space height=&#8221;27px&#8221;][vc_column_text]<\/p>\n<p style=\"text-align: center;\">Estes vinhos nascem de sele\u00e7\u00f5es maci\u00e7as de vinhas de linhagem centen\u00e1ria nas m\u00e3os de pequenos viticultores dos Andes, no cora\u00e7\u00e3o do pedemonte mendocino, para representar a identidade de cada propriedade. Frescor e eleg\u00e2ncia unem o selo singular de cada Malbec.<\/p>\n<p>[\/vc_column_text][vc_empty_space height=&#8221;27px&#8221;][\/vc_column][vc_column width=&#8221;1\/6&#8243;][\/vc_column][\/vc_row][vc_row row_content_width=&#8221;grid&#8221; content_text_aligment=&#8221;center&#8221; css=&#8221;.vc_custom_1520992282073{padding-bottom: 70px !important;}&#8221;][vc_column offset=&#8221;vc_hidden-lg vc_hidden-md&#8221;][vc_empty_space height=&#8221;27px&#8221;][vc_single_image image=&#8221;19559&#8243; img_size=&#8221;medium&#8221; alignment=&#8221;center&#8221;][vc_column_text css=&#8221;&#8221;]<\/p>\n<h6><span style=\"color: #d16d25;\">2023-2022-2021-2020-2019-2018-2017<\/span><\/h6>\n<p>[\/vc_column_text][vc_column_text css=&#8221;.vc_custom_1746238488963{margin-top: -24px !important;}&#8221;]<\/p>\n<h3>Durigutti Pie de Monte Viticultores Malbec Finca Ruano &#8211; Vistalba<\/h3>\n<p>[\/vc_column_text][vc_column_text css=&#8221;.vc_custom_1583522582576{margin-top: -5px !important;}&#8221;]Delicado, floral, de buena acidez y persistencia, representa los suelos que son mezcla de arcilla y roca en Finca Ruano.[\/vc_column_text][vc_empty_space height=&#8221;27px&#8221;]<a itemprop=\"url\" href=\"\/descargas\/FT-DURIGUTTI_PIE-DE-MONTE_Malbec-FincaRuano-Vistalba_PORT.pdf\" target=\"_blank\" style=\"color: #737272;border-color: #737272;font-size: 14px;font-weight: 300\" class=\"eltdf-btn eltdf-btn-small eltdf-btn-outline eltdf-btn-custom-hover-bg eltdf-btn-custom-border-hover eltdf-btn-custom-hover-color\" data-hover-color=\"#737272\" data-hover-bg-color=\"rgba(255,255,255,0.01)\" data-hover-border-color=\"#d16d25\" >\n    <span class=\"eltdf-btn-text\">FICHA T\u00c9CNICA<\/span>\n    <\/a>[vc_empty_space height=&#8221;15px&#8221;]<a itemprop=\"url\" href=\"\/descargas\/Video-Vistalba-Ruano-Luis-Coita.zip\" target=\"_blank\" style=\"color: #737272;border-color: #737272;font-size: 14px;font-weight: 300\" class=\"eltdf-btn eltdf-btn-small eltdf-btn-outline eltdf-btn-custom-hover-bg eltdf-btn-custom-border-hover eltdf-btn-custom-hover-color\" data-hover-color=\"#737272\" data-hover-bg-color=\"rgba(255,255,255,0.01)\" data-hover-border-color=\"#d16d25\" >\n    <span class=\"eltdf-btn-text\">VIDEO<\/span>\n    <\/a>[vc_empty_space height=&#8221;27px&#8221;][vc_single_image image=&#8221;19650&#8243; img_size=&#8221;full&#8221; alignment=&#8221;center&#8221; onclick=&#8221;custom_link&#8221; link=&#8221;\/reconocimientos\/&#8221;][vc_empty_space height=&#8221;27px&#8221;][vc_single_image image=&#8221;19655&#8243; img_size=&#8221;full&#8221; alignment=&#8221;center&#8221; onclick=&#8221;custom_link&#8221; link=&#8221;\/certificaciones\/&#8221;][vc_separator][vc_single_image image=&#8221;19557&#8243; img_size=&#8221;medium&#8221; alignment=&#8221;center&#8221;][vc_column_text css=&#8221;&#8221;]<\/p>\n<h6><span style=\"color: #d16d25;\">2023-2022-2021-2020-2019-2018-2017<\/span><\/h6>\n<p>[\/vc_column_text][vc_column_text css=&#8221;.vc_custom_1746238495967{margin-top: -24px !important;}&#8221;]<\/p>\n<h3>Durigutti Pie de Monte Viticultores Malbec Finca Las Jarillas &#8211; Gualtallary<\/h3>\n<p>[\/vc_column_text][vc_column_text css=&#8221;.vc_custom_1583522540733{margin-top: -5px !important;}&#8221;]Un vino con elevada estructura, buena densidad y taninos para expresar la fruta con la caracter\u00edstica del Valle de Uco y de los suelos calc\u00e1reos con arena fina de Finca Las Jarillas.[\/vc_column_text][vc_empty_space height=&#8221;27px&#8221;]<a itemprop=\"url\" href=\"\/descargas\/FT-DURIGUTTI_PIE-DE-MONTE_Malbec-LasJarillas-Gualtallary_PORT.pdf\" target=\"_blank\" style=\"color: #737272;border-color: #737272;font-size: 14px;font-weight: 300\" class=\"eltdf-btn eltdf-btn-small eltdf-btn-outline eltdf-btn-custom-hover-bg eltdf-btn-custom-border-hover eltdf-btn-custom-hover-color\" data-hover-color=\"#737272\" data-hover-bg-color=\"rgba(255,255,255,0.01)\" data-hover-border-color=\"#d16d25\" >\n    <span class=\"eltdf-btn-text\">FICHA T\u00c9CNICA<\/span>\n    <\/a>[vc_empty_space height=&#8221;15px&#8221;]<a itemprop=\"url\" href=\"\/descargas\/Video-Gualtallary-Las-Jarillas-Luis-Coita.zip\" target=\"_blank\" style=\"color: #737272;border-color: #737272;font-size: 14px;font-weight: 300\" class=\"eltdf-btn eltdf-btn-small eltdf-btn-outline eltdf-btn-custom-hover-bg eltdf-btn-custom-border-hover eltdf-btn-custom-hover-color\" data-hover-color=\"#737272\" data-hover-bg-color=\"rgba(255,255,255,0.01)\" data-hover-border-color=\"#d16d25\" >\n    <span class=\"eltdf-btn-text\">VIDEO<\/span>\n    <\/a>[vc_empty_space height=&#8221;27px&#8221;][vc_single_image image=&#8221;19650&#8243; img_size=&#8221;full&#8221; alignment=&#8221;center&#8221; onclick=&#8221;custom_link&#8221; link=&#8221;\/reconocimientos\/&#8221;][vc_empty_space height=&#8221;27px&#8221;][vc_single_image image=&#8221;19655&#8243; img_size=&#8221;full&#8221; alignment=&#8221;center&#8221; onclick=&#8221;custom_link&#8221; link=&#8221;\/certificaciones\/&#8221;][vc_separator][vc_empty_space height=&#8221;27px&#8221;][vc_single_image image=&#8221;19560&#8243; img_size=&#8221;medium&#8221; alignment=&#8221;center&#8221;][vc_column_text css=&#8221;&#8221;]<\/p>\n<h6><span style=\"color: #d16d25;\">2023-2022-2021-2020-2019-2018-2017<\/span><\/h6>\n<p>[\/vc_column_text][vc_column_text css=&#8221;.vc_custom_1746238504859{margin-top: -24px !important;}&#8221;]<\/p>\n<h3>Durigutti Pie de Monte Viticultores Malbec Finca Zarlenga &#8211; Los \u00c1rboles<\/h3>\n<p>[\/vc_column_text][vc_column_text css=&#8221;.vc_custom_1583522640253{margin-top: -5px !important;}&#8221;]Un vino largo, de estructura moderada con buena presencia de acidez que resalta el perfil frutado de un Malbec del valle nacido en Finca Zarlenga de suelos con presencia de piedra y arena.[\/vc_column_text][vc_empty_space height=&#8221;27px&#8221;]<a itemprop=\"url\" href=\"\/descargas\/FT-DURIGUTTI_PIE-DE-MONTE_Malbec-FincaZarlenga-LosArboles_PORT.pdf\" target=\"_blank\" style=\"color: #737272;border-color: #737272;font-size: 14px;font-weight: 300\" class=\"eltdf-btn eltdf-btn-small eltdf-btn-outline eltdf-btn-custom-hover-bg eltdf-btn-custom-border-hover eltdf-btn-custom-hover-color\" data-hover-color=\"#737272\" data-hover-bg-color=\"rgba(255,255,255,0.01)\" data-hover-border-color=\"#d16d25\" >\n    <span class=\"eltdf-btn-text\">FICHA T\u00c9CNICA<\/span>\n    <\/a>[vc_empty_space height=&#8221;15px&#8221;]<a itemprop=\"url\" href=\"\/descargas\/Video-Los-Arboles-Zarlenga-Luis-Coita.zip\" target=\"_self\" style=\"color: #737272;border-color: #737272;font-size: 14px;font-weight: 300\" class=\"eltdf-btn eltdf-btn-small eltdf-btn-outline eltdf-btn-custom-hover-bg eltdf-btn-custom-border-hover eltdf-btn-custom-hover-color\" data-hover-color=\"#737272\" data-hover-bg-color=\"rgba(255,255,255,0.01)\" data-hover-border-color=\"#d16d25\" >\n    <span class=\"eltdf-btn-text\">VIDEO<\/span>\n    <\/a>[vc_empty_space height=&#8221;27px&#8221;][vc_single_image image=&#8221;19650&#8243; img_size=&#8221;full&#8221; alignment=&#8221;center&#8221; onclick=&#8221;custom_link&#8221; link=&#8221;\/reconocimientos\/&#8221;][vc_empty_space height=&#8221;27px&#8221;][vc_single_image image=&#8221;19655&#8243; img_size=&#8221;full&#8221; alignment=&#8221;center&#8221; onclick=&#8221;custom_link&#8221; link=&#8221;\/certificaciones\/&#8221;][vc_separator][\/vc_column][\/vc_row][vc_row row_content_width=&#8221;grid&#8221; css=&#8221;.vc_custom_1517068570332{padding-bottom: 70px !important;}&#8221;][vc_column offset=&#8221;vc_hidden-sm vc_hidden-xs&#8221;][vc_row_inner][vc_column_inner offset=&#8221;vc_col-lg-3 vc_col-md-4&#8243;][vc_empty_space height=&#8221;95px&#8221;]<div class=\"eltdf-elements-holder eltdf-responsive-mode-768 eltdf-one-column-alignment-center\" ><div class=\"eltdf-eh-item \" data-item-class=\"eltdf-eh-custom-953407\" >\n\t<div class=\"eltdf-eh-item-inner\" >\n\t\t<div class=\"eltdf-eh-item-content eltdf-eh-custom-953407\" style=\"padding: 106px 0px 0px 0px\">\n\t\t\t<div class=\"eltdf-parallax-image\" style=\"height: 422px\">\n\t<img decoding=\"async\" src=\"https:\/\/durigutti.com\/wp-content\/uploads\/2020\/03\/pie-de-monte-ruano.jpg\" alt=\"Durigutti Pie de Monte Malbec Finca Ruano\" \/>\n<\/div>\t\t<\/div>\n\t<\/div>\n\t<\/div><\/div>[\/vc_column_inner][vc_column_inner offset=&#8221;vc_col-lg-9 vc_col-md-8&#8243;]<div class=\"eltdf-elements-holder eltdf-responsive-mode-768\" ><div class=\"eltdf-eh-item \" data-item-class=\"eltdf-eh-custom-493837\" data-1024-1280=\"129px 15% 150px 0px\" data-768-1024=\"137px 10% 150px 0px\" data-600-768=\"50px 6% 150px 0px\" data-480-600=\"50px 0% 150px 0px\" data-480=\"50px 0% 150px 0px\" >\n\t<div class=\"eltdf-eh-item-inner\" >\n\t\t<div class=\"eltdf-eh-item-content eltdf-eh-custom-493837\" style=\"padding: 129px 22% 150px 0px\">\n\t\t\t[vc_column_text css=&#8221;&#8221;]<\/p>\n<h6><span style=\"color: #d16d25;\">2023-2022-2021-2020-2019-2018-2017<\/span><\/h6>\n<p>[\/vc_column_text][vc_column_text css=&#8221;.vc_custom_1746238510785{margin-top: -24px !important;}&#8221;]<\/p>\n<h3>Durigutti Pie de Monte Viticultores Malbec Finca Ruano \u2013 Vistalba<\/h3>\n<p>[\/vc_column_text][vc_column_text css=&#8221;.vc_custom_1583874315560{margin-top: -5px !important;}&#8221;]<\/p>\n<div class=\"wpb_text_column wpb_content_element vc_custom_1583522593720\">\n<div class=\"wpb_wrapper\">\n<p>Delicado, floral, de buena acidez y persistencia, representa los suelos que son mezcla de arcilla y roca en Finca Ruano.<\/p>\n<\/div>\n<\/div>\n<p>[\/vc_column_text][vc_empty_space height=&#8221;27px&#8221;]<a itemprop=\"url\" href=\"\/descargas\/FT-DURIGUTTI_PIE-DE-MONTE_Malbec-FincaRuano-Vistalba_PORT.pdf\" target=\"_blank\" style=\"color: #737272;border-color: #737272;font-size: 14px;font-weight: 300\" class=\"eltdf-btn eltdf-btn-small eltdf-btn-outline eltdf-btn-custom-hover-bg eltdf-btn-custom-border-hover eltdf-btn-custom-hover-color\" data-hover-color=\"#737272\" data-hover-bg-color=\"rgba(255,255,255,0.01)\" data-hover-border-color=\"#d16d25\" >\n    <span class=\"eltdf-btn-text\">FICHA T\u00c9CNICA<\/span>\n    <\/a>[vc_empty_space height=&#8221;15px&#8221;]<a itemprop=\"url\" href=\"\/descargas\/Video-Vistalba-Ruano-Luis-Coita.zip\" target=\"_blank\" style=\"color: #737272;border-color: #737272;font-size: 14px;font-weight: 300\" class=\"eltdf-btn eltdf-btn-small eltdf-btn-outline eltdf-btn-custom-hover-bg eltdf-btn-custom-border-hover eltdf-btn-custom-hover-color\" data-hover-color=\"#737272\" data-hover-bg-color=\"rgba(255,255,255,0.01)\" data-hover-border-color=\"#d16d25\" >\n    <span class=\"eltdf-btn-text\">VIDEO<\/span>\n    <\/a>[vc_single_image image=&#8221;19544&#8243; img_size=&#8221;full&#8221; alignment=&#8221;right&#8221; onclick=&#8221;custom_link&#8221; link=&#8221;\/reconocimientos\/&#8221;]\t\t<\/div>\n\t<\/div>\n\t<\/div><\/div>[\/vc_column_inner][\/vc_row_inner][vc_separator][vc_row_inner][vc_column_inner offset=&#8221;vc_col-lg-9 vc_col-md-8&#8243;]<div class=\"eltdf-elements-holder eltdf-responsive-mode-768\" ><div class=\"eltdf-eh-item eltdf-horizontal-alignment-right\" data-item-class=\"eltdf-eh-custom-756474\" data-1024-1280=\"129px 0% 150px 15%\" data-768-1024=\"129px 0% 150px 10%\" data-600-768=\"150px 0% 0px 6%\" data-480-600=\"150px 0% 0px 0px\" data-480=\"150px 0% 0px 0px\" >\n\t<div class=\"eltdf-eh-item-inner\" >\n\t\t<div class=\"eltdf-eh-item-content eltdf-eh-custom-756474\" style=\"padding: 129px 0% 150px 22%\">\n\t\t\t[vc_column_text css=&#8221;&#8221;]<\/p>\n<h6><span style=\"color: #d16d25;\">2023-2022-2021-2020-2019-2018-2017<\/span><\/h6>\n<p>[\/vc_column_text][vc_column_text css=&#8221;.vc_custom_1746238516983{margin-top: -24px !important;}&#8221;]<\/p>\n<h3>Durigutti Pie de Monte Viticultores Malbec Finca Las Jarillas \u2013 Gualtallary<\/h3>\n<p>[\/vc_column_text][vc_column_text css=&#8221;.vc_custom_1583874462610{margin-top: -5px !important;}&#8221;]<\/p>\n<div class=\"wpb_text_column wpb_content_element vc_custom_1583522558345\">\n<div class=\"wpb_wrapper\">\n<p>Un vino con elevada estructura, buena densidad y taninos para expresar la fruta con la caracter\u00edstica del Valle de Uco y de los suelos calc\u00e1reos con arena fina de Finca Las Jarillas.<\/p>\n<\/div>\n<\/div>\n<p>[\/vc_column_text][vc_empty_space height=&#8221;27px&#8221;]<a itemprop=\"url\" href=\"\/descargas\/FT-DURIGUTTI_PIE-DE-MONTE_Malbec-LasJarillas-Gualtallary_PORT.pdf\" target=\"_blank\" style=\"color: #737272;border-color: #737272;font-size: 14px;font-weight: 300\" class=\"eltdf-btn eltdf-btn-small eltdf-btn-outline eltdf-btn-custom-hover-bg eltdf-btn-custom-border-hover eltdf-btn-custom-hover-color\" data-hover-color=\"#737272\" data-hover-bg-color=\"rgba(255,255,255,0.01)\" data-hover-border-color=\"#d16d25\" >\n    <span class=\"eltdf-btn-text\">FICHA T\u00c9CNICA<\/span>\n    <\/a>[vc_empty_space height=&#8221;15px&#8221;]<a itemprop=\"url\" href=\"\/descargas\/Video-Gualtallary-Las-Jarillas-Luis-Coita.zip\" target=\"_blank\" style=\"color: #737272;border-color: #737272;font-size: 14px;font-weight: 300\" class=\"eltdf-btn eltdf-btn-small eltdf-btn-outline eltdf-btn-custom-hover-bg eltdf-btn-custom-border-hover eltdf-btn-custom-hover-color\" data-hover-color=\"#737272\" data-hover-bg-color=\"rgba(255,255,255,0.01)\" data-hover-border-color=\"#d16d25\" >\n    <span class=\"eltdf-btn-text\">VIDEO<\/span>\n    <\/a>[vc_empty_space height=&#8221;27px&#8221;][vc_single_image image=&#8221;19544&#8243; img_size=&#8221;full&#8221; onclick=&#8221;custom_link&#8221; link=&#8221;\/reconocimientos\/&#8221;]\t\t<\/div>\n\t<\/div>\n\t<\/div><\/div>[\/vc_column_inner][vc_column_inner offset=&#8221;vc_col-lg-3 vc_col-md-4&#8243;]<div class=\"eltdf-elements-holder eltdf-responsive-mode-768\" ><div class=\"eltdf-eh-item eltdf-horizontal-alignment-center\" data-item-class=\"eltdf-eh-custom-294566\" data-1280-1600=\"106px 0px 0px 0px\" data-1024-1280=\"106px 0px 0px 0px\" data-768-1024=\"88px 0px 0px 0px\" data-600-768=\"10px 0px 150px 0px\" data-480-600=\"96px 0px 150px 0px\" data-480=\"96px 0px 150px 0px\" >\n\t<div class=\"eltdf-eh-item-inner\" >\n\t\t<div class=\"eltdf-eh-item-content eltdf-eh-custom-294566\" style=\"padding: 106px 0px 0px 0px\">\n\t\t\t<div class=\"eltdf-parallax-image\" style=\"height: 422px\">\n\t<img decoding=\"async\" src=\"https:\/\/durigutti.com\/wp-content\/uploads\/2020\/03\/pie-de-monte-las-jarillas.jpg\" alt=\"Durigutti Pie de Monte Malbec Finca Las Jarillas\" \/>\n<\/div>\t\t<\/div>\n\t<\/div>\n\t<\/div><\/div>[\/vc_column_inner][\/vc_row_inner][vc_separator][vc_row_inner][vc_column_inner offset=&#8221;vc_col-lg-3 vc_col-md-4&#8243;][vc_empty_space height=&#8221;95px&#8221;]<div class=\"eltdf-elements-holder eltdf-responsive-mode-768 eltdf-one-column-alignment-center\" ><div class=\"eltdf-eh-item \" data-item-class=\"eltdf-eh-custom-734178\" >\n\t<div class=\"eltdf-eh-item-inner\" >\n\t\t<div class=\"eltdf-eh-item-content eltdf-eh-custom-734178\" style=\"padding: 106px 0px 0px 0px\">\n\t\t\t<div class=\"eltdf-parallax-image\" style=\"height: 422px\">\n\t<img decoding=\"async\" src=\"https:\/\/durigutti.com\/wp-content\/uploads\/2020\/03\/pie-de-monte-zarlenga.jpg\" alt=\"Durigutti Pie de Monte Malbec Finca Zarlenga\" \/>\n<\/div>\t\t<\/div>\n\t<\/div>\n\t<\/div><\/div>[\/vc_column_inner][vc_column_inner offset=&#8221;vc_col-lg-9 vc_col-md-8&#8243;]<div class=\"eltdf-elements-holder eltdf-responsive-mode-768\" ><div class=\"eltdf-eh-item \" data-item-class=\"eltdf-eh-custom-884195\" data-1024-1280=\"129px 15% 150px 0px\" data-768-1024=\"137px 10% 150px 0px\" data-600-768=\"50px 6% 150px 0px\" data-480-600=\"50px 0% 150px 0px\" data-480=\"50px 0% 150px 0px\" >\n\t<div class=\"eltdf-eh-item-inner\" >\n\t\t<div class=\"eltdf-eh-item-content eltdf-eh-custom-884195\" style=\"padding: 129px 22% 150px 0px\">\n\t\t\t[vc_column_text css=&#8221;&#8221;]<\/p>\n<h6><span style=\"color: #d16d25;\">2023-2022-2021-2020-2019-2018-2017<\/span><\/h6>\n<p>[\/vc_column_text][vc_column_text css=&#8221;.vc_custom_1746238523459{margin-top: -24px !important;}&#8221;]<\/p>\n<h3>Durigutti Pie de Monte Viticultores Malbec Finca Zarlenga &#8211; Los \u00c1rboles<\/h3>\n<p>[\/vc_column_text][vc_column_text css=&#8221;.vc_custom_1583522616268{margin-top: -5px !important;}&#8221;]Un vino largo, de estructura moderada con buena presencia de acidez que resalta el perfil frutado de un Malbec del valle nacido en Finca Zarlenga de suelos con presencia de piedra y arena.[\/vc_column_text][vc_empty_space height=&#8221;27px&#8221;]<a itemprop=\"url\" href=\"\/descargas\/FT-DURIGUTTI_PIE-DE-MONTE_Malbec-FincaZarlenga-LosArboles_PORT.pdf\" target=\"_blank\" style=\"color: #737272;border-color: #737272;font-size: 14px;font-weight: 300\" class=\"eltdf-btn eltdf-btn-small eltdf-btn-outline eltdf-btn-custom-hover-bg eltdf-btn-custom-border-hover eltdf-btn-custom-hover-color\" data-hover-color=\"#737272\" data-hover-bg-color=\"rgba(255,255,255,0.01)\" data-hover-border-color=\"#d16d25\" >\n    <span class=\"eltdf-btn-text\">FICHA T\u00c9CNICA<\/span>\n    <\/a>[vc_empty_space height=&#8221;15px&#8221;]<a itemprop=\"url\" href=\"\/descargas\/Video-Los-Arboles-Zarlenga-Luis-Coita.zip\" target=\"_blank\" style=\"color: #737272;border-color: #737272;font-size: 14px;font-weight: 300\" class=\"eltdf-btn eltdf-btn-small eltdf-btn-outline eltdf-btn-custom-hover-bg eltdf-btn-custom-border-hover eltdf-btn-custom-hover-color\" data-hover-color=\"#737272\" data-hover-bg-color=\"rgba(255,255,255,0.01)\" data-hover-border-color=\"#d16d25\" >\n    <span class=\"eltdf-btn-text\">VIDEO<\/span>\n    <\/a>[vc_empty_space height=&#8221;27px&#8221;][vc_single_image image=&#8221;19544&#8243; img_size=&#8221;full&#8221; alignment=&#8221;right&#8221; onclick=&#8221;custom_link&#8221; link=&#8221;\/reconocimientos\/&#8221;]\t\t<\/div>\n\t<\/div>\n\t<\/div><\/div>[\/vc_column_inner][\/vc_row_inner][vc_separator][\/vc_column][\/vc_row][vc_row row_content_width=&#8221;grid&#8221; content_text_aligment=&#8221;center&#8221; css=&#8221;.vc_custom_1510865302572{padding-top: 50px !important;padding-bottom: 50px !important;}&#8221;][vc_column width=&#8221;1\/4&#8243;][\/vc_column][vc_column width=&#8221;1\/4&#8243;][vc_empty_space height=&#8221;30px&#8221;]<a itemprop=\"url\" href=\"\/pt-br\/vinhos-e-bebidas\/vinhos-de-finca\/\" target=\"_self\" style=\"color: #ffffff;background-color: #d16d25;border-color: #d16d25;font-size: 12px;font-weight: 300;margin: 0 20px 0 20px\" class=\"eltdf-btn eltdf-btn-small eltdf-btn-solid eltdf-btn-custom-hover-bg eltdf-btn-custom-border-hover eltdf-btn-custom-hover-color\" data-hover-color=\"#d16d25\" data-hover-bg-color=\"#ffffff\" data-hover-border-color=\"#d16d25\" >\n    <span class=\"eltdf-btn-text\">VOLTAR<\/span>\n    <\/a>[\/vc_column][vc_column width=&#8221;1\/4&#8243;][vc_empty_space height=&#8221;30px&#8221;]<a itemprop=\"url\" href=\"\/pt-br\/vinhos-e-bebidas\/\" target=\"_self\" style=\"color: #ffffff;background-color: #d16d25;border-color: #d16d25;font-size: 12px;font-weight: 300\" class=\"eltdf-btn eltdf-btn-small eltdf-btn-solid eltdf-btn-custom-hover-bg eltdf-btn-custom-border-hover eltdf-btn-custom-hover-color\" data-hover-color=\"#d16d25\" data-hover-bg-color=\"#ffffff\" data-hover-border-color=\"#d16d25\" >\n    <span class=\"eltdf-btn-text\">VER VINHOS E BEBIDAS<\/span>\n    <\/a>[\/vc_column][vc_column width=&#8221;1\/4&#8243;][\/vc_column][\/vc_row]<\/p>\n<\/div>","protected":false},"excerpt":{"rendered":"<p> [&hellip;]<\/p>\n","protected":false},"author":6,"featured_media":0,"parent":19526,"menu_order":0,"comment_status":"closed","ping_status":"closed","template":"full-width.php","meta":{"_seopress_robots_primary_cat":"","_seopress_titles_title":"","_seopress_titles_desc":"","_seopress_robots_index":"","_monsterinsights_skip_tracking":false,"_monsterinsights_sitenote_active":false,"_monsterinsights_sitenote_note":"","_monsterinsights_sitenote_category":0,"footnotes":""},"class_list":["post-19556","page","type-page","status-publish","hentry"],"_links":{"self":[{"href":"https:\/\/durigutti.com\/pt-br\/wp-json\/wp\/v2\/pages\/19556","targetHints":{"allow":["GET"]}}],"collection":[{"href":"https:\/\/durigutti.com\/pt-br\/wp-json\/wp\/v2\/pages"}],"about":[{"href":"https:\/\/durigutti.com\/pt-br\/wp-json\/wp\/v2\/types\/page"}],"author":[{"embeddable":true,"href":"https:\/\/durigutti.com\/pt-br\/wp-json\/wp\/v2\/users\/6"}],"replies":[{"embeddable":true,"href":"https:\/\/durigutti.com\/pt-br\/wp-json\/wp\/v2\/comments?post=19556"}],"version-history":[{"count":12,"href":"https:\/\/durigutti.com\/pt-br\/wp-json\/wp\/v2\/pages\/19556\/revisions"}],"predecessor-version":[{"id":27629,"href":"https:\/\/durigutti.com\/pt-br\/wp-json\/wp\/v2\/pages\/19556\/revisions\/27629"}],"up":[{"embeddable":true,"href":"https:\/\/durigutti.com\/pt-br\/wp-json\/wp\/v2\/pages\/19526"}],"wp:attachment":[{"href":"https:\/\/durigutti.com\/pt-br\/wp-json\/wp\/v2\/media?parent=19556"}],"curies":[{"name":"wp","href":"https:\/\/api.w.org\/{rel}","templated":true}]}}