{"id":19536,"date":"2022-03-08T20:59:36","date_gmt":"2022-03-08T20:59:36","guid":{"rendered":"https:\/\/durigutti.com\/nossa-colecao\/vinos-de-finca\/inframundo\/"},"modified":"2025-03-05T01:52:01","modified_gmt":"2025-03-05T01:52:01","slug":"inframundo","status":"publish","type":"page","link":"https:\/\/durigutti.com\/pt-br\/vinhos-e-bebidas\/vinhos-de-finca\/inframundo\/","title":{"rendered":"INFRAMUNDO"},"content":{"rendered":"<div class=\"wpb-content-wrapper\">[vc_row content_text_aligment=&#8221;center&#8221; css=&#8221;.vc_custom_1520992245288{padding-top: 50px !important;padding-bottom: 10px !important;background-color: #1d1d1b !important;background-position: center !important;background-repeat: no-repeat !important;background-size: cover !important;}&#8221;][vc_column width=&#8221;1\/6&#8243;][\/vc_column][vc_column width=&#8221;2\/3&#8243;]<div class=\"eltdf-section-title-holder\" style=\"text-align: center\">\n\t\t\t<h3 class=\"eltdf-st-title\" style=\"color: #ffffff\">\n\t\t\t<span>INFRAMUNDO<\/span>\n\t\t<\/h3>\n                    <div class=\"eltdf-st-separator clearfix\">\n                <div class=\"eltdf-separator\" style=\"border-color: #d16d25\"><\/div>\n            <\/div>\n        \t\t\t<\/div>[vc_empty_space height=&#8221;27px&#8221;][vc_column_text]\r\n<p style=\"text-align: center;\">A arte \u00e9 outra forma de ver as coisas al\u00e9m do evidente. A terra \u00e9 nosso ponto de partida, um espa\u00e7o oculto e misterioso, onde pequenos esp\u00edritos do submundo contribuem com os nutrientes que transformam a mat\u00e9ria, enra\u00edzam-se na videira e d\u00e3o fruto a um vinho cheio de vida, natural.<\/p>\r\n[\/vc_column_text][vc_empty_space height=&#8221;27px&#8221;][\/vc_column][vc_column width=&#8221;1\/6&#8243;][\/vc_column][\/vc_row][vc_row row_content_width=&#8221;grid&#8221; content_text_aligment=&#8221;center&#8221; css=&#8221;.vc_custom_1565190349736{padding-top: 0px !important;}&#8221;][vc_column offset=&#8221;vc_hidden-lg vc_hidden-md&#8221;][vc_empty_space height=&#8221;27px&#8221;][vc_single_image image=&#8221;22086&#8243; img_size=&#8221;medium&#8221; alignment=&#8221;center&#8221;][vc_column_text css=&#8221;&#8221;]\r\n<h6><span style=\"color: #d16d25;\">2023-2022-2021<\/span><\/h6>\r\n[\/vc_column_text][vc_column_text css=&#8221;.vc_custom_1646773262399{margin-top: -24px !important;}&#8221;]\r\n<h3>INFRAMUNDO NERO D\u2019AVOLA<\/h3>\r\n[\/vc_column_text][vc_column_text css=&#8221;.vc_custom_1695216678403{margin-top: -5px !important;}&#8221;]Vinho 100% Nero D&#8217;Avola org\u00e2nico e natural, um lote super limitado de um vinho com personalidade, feito em \u00e2nforas de terracota sem adi\u00e7\u00e3o de sulfitos.[\/vc_column_text][vc_empty_space height=&#8221;27px&#8221;]<a itemprop=\"url\" href=\"\/descargas\/FT-INFRAMUNDO_NERO-DAVOLA_POR.pdf\" target=\"_blank\" style=\"color: #737272;border-color: #737272;font-size: 14px;font-weight: 300\" class=\"eltdf-btn eltdf-btn-small eltdf-btn-outline eltdf-btn-custom-hover-bg eltdf-btn-custom-border-hover eltdf-btn-custom-hover-color\" data-hover-color=\"#737272\" data-hover-bg-color=\"rgba(255,255,255,0.01)\" data-hover-border-color=\"#d16d25\" >\n    <span class=\"eltdf-btn-text\">FICHA T\u00c9CNICA<\/span>\n    <\/a>[vc_empty_space height=&#8221;27px&#8221;][vc_separator][vc_empty_space height=&#8221;27px&#8221;][vc_single_image image=&#8221;22083&#8243; img_size=&#8221;medium&#8221; alignment=&#8221;center&#8221;][vc_column_text css=&#8221;&#8221;]\r\n<h6><span style=\"color: #d16d25;\">2023-2022-2021<\/span><\/h6>\r\n[\/vc_column_text][vc_column_text css=&#8221;.vc_custom_1646773319399{margin-top: -24px !important;}&#8221;]\r\n<h3>INFRAMUNDO BLEND<\/h3>\r\n[\/vc_column_text][vc_column_text css=&#8221;.vc_custom_1695216644283{margin-top: -5px !important;}&#8221;]Vinho org\u00e2nico e natural extra\u00eddo de castas da nossa propriedade como Petit Verdot, Malbec, Cabernet Franc e Charbono, expressivo e frutado, \u00e9 elaborado em \u00e2nforas de terracota sem adi\u00e7\u00e3o de sulfitos.[\/vc_column_text][vc_empty_space height=&#8221;27px&#8221;]<a itemprop=\"url\" href=\"\/descargas\/FT-INFRAMUNDO_BLEND_POR.pdf\" target=\"_blank\" style=\"color: #737272;border-color: #737272;font-size: 14px;font-weight: 300\" class=\"eltdf-btn eltdf-btn-small eltdf-btn-outline eltdf-btn-custom-hover-bg eltdf-btn-custom-border-hover eltdf-btn-custom-hover-color\" data-hover-color=\"#737272\" data-hover-bg-color=\"rgba(255,255,255,0.01)\" data-hover-border-color=\"#d16d25\" >\n    <span class=\"eltdf-btn-text\">FICHA T\u00c9CNICA<\/span>\n    <\/a>[vc_empty_space height=&#8221;27px&#8221;][vc_separator][vc_empty_space height=&#8221;27px&#8221;][vc_single_image image=&#8221;22080&#8243; img_size=&#8221;medium&#8221; alignment=&#8221;center&#8221;][vc_column_text]\r\n<h6><span style=\"color: #d16d25;\">2023<\/span><\/h6>\r\n[\/vc_column_text][vc_column_text css=&#8221;.vc_custom_1695216012169{margin-top: -24px !important;}&#8221;]\r\n<h3>INFRAMUNDO NARANJO SEMILL\u00d3N<\/h3>\r\n[\/vc_column_text][vc_column_text css=&#8221;.vc_custom_1695216021786{margin-top: -5px !important;}&#8221;]Vinho org\u00e2nico e natural elaborado como laranjeira, com a marca dada pela fermenta\u00e7\u00e3o com pel\u00edculas num Semillon brilhante e expressivo.[\/vc_column_text][vc_empty_space height=&#8221;27px&#8221;]<a itemprop=\"url\" href=\"\/descargas\/FT-INFRAMUNDO_NARANJO-SEMILLON_POR.pdf\" target=\"_blank\" style=\"color: #737272;border-color: #737272;font-size: 14px;font-weight: 300\" class=\"eltdf-btn eltdf-btn-small eltdf-btn-outline eltdf-btn-custom-hover-bg eltdf-btn-custom-border-hover eltdf-btn-custom-hover-color\" data-hover-color=\"#737272\" data-hover-bg-color=\"rgba(255,255,255,0.01)\" data-hover-border-color=\"#d16d25\" >\n    <span class=\"eltdf-btn-text\">FICHA T\u00c9CNICA<\/span>\n    <\/a>[vc_empty_space height=&#8221;27px&#8221;][vc_separator][vc_empty_space height=&#8221;27px&#8221;][vc_single_image image=&#8221;22077&#8243; img_size=&#8221;medium&#8221; alignment=&#8221;center&#8221;][vc_column_text css=&#8221;&#8221;]\r\n<h6><span style=\"color: #d16d25;\">2024-2023<\/span><\/h6>\r\n[\/vc_column_text][vc_column_text css=&#8221;.vc_custom_1695216125167{margin-top: -24px !important;}&#8221;]\r\n<h3>INFRAMUNDO ROS\u00c9 CABERNET FRANC<\/h3>\r\n[\/vc_column_text][vc_column_text css=&#8221;.vc_custom_1695216136702{margin-top: -5px !important;}&#8221;]Vinho org\u00e2nico e natural com Cabernet Franc da nossa propriedade, sedutor, vibrante e bem equilibrado em aromas e paladar.[\/vc_column_text][vc_empty_space height=&#8221;27px&#8221;]<a itemprop=\"url\" href=\"\/descargas\/FT-INFRAMUNDO_ROSE-CABERNET-FRANC_POR.pdf\" target=\"_blank\" style=\"color: #737272;border-color: #737272;font-size: 14px;font-weight: 300\" class=\"eltdf-btn eltdf-btn-small eltdf-btn-outline eltdf-btn-custom-hover-bg eltdf-btn-custom-border-hover eltdf-btn-custom-hover-color\" data-hover-color=\"#737272\" data-hover-bg-color=\"rgba(255,255,255,0.01)\" data-hover-border-color=\"#d16d25\" >\n    <span class=\"eltdf-btn-text\">FICHA T\u00c9CNICA<\/span>\n    <\/a>[vc_empty_space height=&#8221;27px&#8221;][\/vc_column][\/vc_row][vc_row row_content_width=&#8221;grid&#8221; css=&#8221;.vc_custom_1565190359783{padding-top: 0px !important;}&#8221;][vc_column offset=&#8221;vc_hidden-sm vc_hidden-xs&#8221;][vc_row_inner][vc_column_inner offset=&#8221;vc_col-lg-3 vc_col-md-4&#8243;][vc_empty_space height=&#8221;10px&#8221;]<div class=\"eltdf-elements-holder eltdf-responsive-mode-768 eltdf-one-column-alignment-left\" ><div class=\"eltdf-eh-item eltdf-vertical-alignment-top\" data-item-class=\"eltdf-eh-custom-466604\" >\n\t<div class=\"eltdf-eh-item-inner\" >\n\t\t<div class=\"eltdf-eh-item-content eltdf-eh-custom-466604\" style=\"padding: 106px 0px 0px 0px\">\n\t\t\t<div class=\"eltdf-parallax-image\" style=\"height: 600px\">\n\t<img decoding=\"async\" src=\"https:\/\/durigutti.com\/wp-content\/uploads\/2023\/09\/inframundo-nero-davola.jpg\" alt=\"inframundo-nero-davola\" \/>\n<\/div>\t\t<\/div>\n\t<\/div>\n\t<\/div><\/div>[\/vc_column_inner][vc_column_inner offset=&#8221;vc_col-lg-9 vc_col-md-8&#8243;]<div class=\"eltdf-elements-holder eltdf-responsive-mode-768\" ><div class=\"eltdf-eh-item \" data-item-class=\"eltdf-eh-custom-184084\" data-1024-1280=\"129px 15% 150px 0px\" data-768-1024=\"137px 10% 150px 0px\" data-600-768=\"50px 6% 150px 0px\" data-480-600=\"50px 0% 150px 0px\" data-480=\"50px 0% 150px 0px\" >\n\t<div class=\"eltdf-eh-item-inner\" >\n\t\t<div class=\"eltdf-eh-item-content eltdf-eh-custom-184084\" style=\"padding: 129px 22% 150px 0px\">\n\t\t\t[vc_column_text css=&#8221;&#8221;]\r\n<h6><span style=\"color: #d16d25;\">2023-2022-2021<\/span><\/h6>\r\n[\/vc_column_text][vc_column_text css=&#8221;.vc_custom_1646773452958{margin-top: -24px !important;}&#8221;]\r\n<h3>INFRAMUNDO NERO D\u2019AVOLA<\/h3>\r\n[\/vc_column_text][vc_column_text css=&#8221;.vc_custom_1695216688692{margin-top: -5px !important;}&#8221;]Vinho 100% Nero D&#8217;Avola org\u00e2nico e natural, um lote super limitado de um vinho com personalidade, feito em \u00e2nforas de terracota sem adi\u00e7\u00e3o de sulfitos.[\/vc_column_text][vc_empty_space height=&#8221;27px&#8221;]<a itemprop=\"url\" href=\"\/descargas\/FT-INFRAMUNDO_NERO-DAVOLA_POR.pdf\" target=\"_blank\" style=\"color: #737272;border-color: #737272;font-size: 14px;font-weight: 300\" class=\"eltdf-btn eltdf-btn-small eltdf-btn-outline eltdf-btn-custom-hover-bg eltdf-btn-custom-border-hover eltdf-btn-custom-hover-color\" data-hover-color=\"#737272\" data-hover-bg-color=\"rgba(255,255,255,0.01)\" data-hover-border-color=\"#d16d25\" >\n    <span class=\"eltdf-btn-text\">FICHA T\u00c9CNICA<\/span>\n    <\/a>[vc_empty_space height=&#8221;27px&#8221;]\t\t<\/div>\n\t<\/div>\n\t<\/div><\/div>[\/vc_column_inner][\/vc_row_inner][vc_separator][vc_row_inner][vc_column_inner offset=&#8221;vc_col-lg-9 vc_col-md-8&#8243;]<div class=\"eltdf-elements-holder eltdf-responsive-mode-768\" ><div class=\"eltdf-eh-item \" data-item-class=\"eltdf-eh-custom-491593\" data-1024-1280=\"129px 15% 150px 0px\" data-768-1024=\"137px 10% 150px 0px\" data-600-768=\"50px 6% 150px 0px\" data-480-600=\"50px 0% 150px 0px\" data-480=\"50px 0% 150px 0px\" >\n\t<div class=\"eltdf-eh-item-inner\" >\n\t\t<div class=\"eltdf-eh-item-content eltdf-eh-custom-491593\" style=\"padding: 129px 22% 150px 0px\">\n\t\t\t[vc_column_text css=&#8221;&#8221;]\r\n<h6><span style=\"color: #d16d25;\">2023-2022-2021<\/span><\/h6>\r\n[\/vc_column_text][vc_column_text css=&#8221;.vc_custom_1646773498565{margin-top: -24px !important;}&#8221;]\r\n<h3>INFRAMUNDO BLEND<\/h3>\r\n[\/vc_column_text][vc_column_text css=&#8221;.vc_custom_1695216614109{margin-top: -5px !important;}&#8221;]Vinho org\u00e2nico e natural extra\u00eddo de castas da nossa propriedade como Petit Verdot, Malbec, Cabernet Franc e Charbono, expressivo e frutado, \u00e9 elaborado em \u00e2nforas de terracota sem adi\u00e7\u00e3o de sulfitos.[\/vc_column_text][vc_empty_space height=&#8221;27px&#8221;]<a itemprop=\"url\" href=\"\/descargas\/FT-INFRAMUNDO_BLEND_POR.pdf\" target=\"_blank\" style=\"color: #737272;border-color: #737272;font-size: 14px;font-weight: 300\" class=\"eltdf-btn eltdf-btn-small eltdf-btn-outline eltdf-btn-custom-hover-bg eltdf-btn-custom-border-hover eltdf-btn-custom-hover-color\" data-hover-color=\"#737272\" data-hover-bg-color=\"rgba(255,255,255,0.01)\" data-hover-border-color=\"#d16d25\" >\n    <span class=\"eltdf-btn-text\">FICHA T\u00c9CNICA<\/span>\n    <\/a>[vc_empty_space height=&#8221;27px&#8221;]\t\t<\/div>\n\t<\/div>\n\t<\/div><\/div>[\/vc_column_inner][vc_column_inner offset=&#8221;vc_col-lg-3 vc_col-md-4&#8243;][vc_empty_space height=&#8221;10px&#8221;]<div class=\"eltdf-elements-holder eltdf-responsive-mode-768 eltdf-one-column-alignment-left\" ><div class=\"eltdf-eh-item eltdf-vertical-alignment-top\" data-item-class=\"eltdf-eh-custom-439016\" >\n\t<div class=\"eltdf-eh-item-inner\" >\n\t\t<div class=\"eltdf-eh-item-content eltdf-eh-custom-439016\" style=\"padding: 106px 0px 0px 0px\">\n\t\t\t<div class=\"eltdf-parallax-image\" style=\"height: 600px\">\n\t<img decoding=\"async\" src=\"https:\/\/durigutti.com\/wp-content\/uploads\/2023\/09\/inframundo-blend.jpg\" alt=\"inframundo-blend\" \/>\n<\/div>\t\t<\/div>\n\t<\/div>\n\t<\/div><\/div>[\/vc_column_inner][\/vc_row_inner][vc_separator][vc_row_inner][vc_column_inner offset=&#8221;vc_col-lg-3 vc_col-md-4&#8243;][vc_empty_space height=&#8221;10px&#8221;]<div class=\"eltdf-elements-holder eltdf-responsive-mode-768 eltdf-one-column-alignment-left\" ><div class=\"eltdf-eh-item eltdf-vertical-alignment-top\" data-item-class=\"eltdf-eh-custom-223233\" >\n\t<div class=\"eltdf-eh-item-inner\" >\n\t\t<div class=\"eltdf-eh-item-content eltdf-eh-custom-223233\" style=\"padding: 106px 0px 0px 0px\">\n\t\t\t<div class=\"eltdf-parallax-image\" style=\"height: 600px\">\n\t<img decoding=\"async\" src=\"https:\/\/durigutti.com\/wp-content\/uploads\/2023\/09\/inframundo_naranjo-semillon.jpg\" alt=\"inframundo_naranjo-semillon\" \/>\n<\/div>\t\t<\/div>\n\t<\/div>\n\t<\/div><\/div>[\/vc_column_inner][vc_column_inner offset=&#8221;vc_col-lg-9 vc_col-md-8&#8243;]<div class=\"eltdf-elements-holder eltdf-responsive-mode-768\" ><div class=\"eltdf-eh-item \" data-item-class=\"eltdf-eh-custom-226583\" data-1024-1280=\"129px 15% 150px 0px\" data-768-1024=\"137px 10% 150px 0px\" data-600-768=\"50px 6% 150px 0px\" data-480-600=\"50px 0% 150px 0px\" data-480=\"50px 0% 150px 0px\" >\n\t<div class=\"eltdf-eh-item-inner\" >\n\t\t<div class=\"eltdf-eh-item-content eltdf-eh-custom-226583\" style=\"padding: 129px 22% 150px 0px\">\n\t\t\t[vc_column_text]\r\n<h6><span style=\"color: #d16d25;\">2023<\/span><\/h6>\r\n[\/vc_column_text][vc_column_text css=&#8221;.vc_custom_1695216437773{margin-top: -24px !important;}&#8221;]\r\n<h3>INFRAMUNDO NARANJO SEMILL\u00d3N<\/h3>\r\n[\/vc_column_text][vc_column_text css=&#8221;.vc_custom_1695216450149{margin-top: -5px !important;}&#8221;]Vinho org\u00e2nico e natural elaborado como laranjeira, com a marca dada pela fermenta\u00e7\u00e3o com pel\u00edculas num Semillon brilhante e expressivo.[\/vc_column_text][vc_empty_space height=&#8221;27px&#8221;]<a itemprop=\"url\" href=\"\/descargas\/FT-INFRAMUNDO_NARANJO-SEMILLON_POR.pdf\" target=\"_blank\" style=\"color: #737272;border-color: #737272;font-size: 14px;font-weight: 300\" class=\"eltdf-btn eltdf-btn-small eltdf-btn-outline eltdf-btn-custom-hover-bg eltdf-btn-custom-border-hover eltdf-btn-custom-hover-color\" data-hover-color=\"#737272\" data-hover-bg-color=\"rgba(255,255,255,0.01)\" data-hover-border-color=\"#d16d25\" >\n    <span class=\"eltdf-btn-text\">FICHA T\u00c9CNICA<\/span>\n    <\/a>[vc_empty_space height=&#8221;27px&#8221;]\t\t<\/div>\n\t<\/div>\n\t<\/div><\/div>[\/vc_column_inner][\/vc_row_inner][vc_separator][vc_row_inner][vc_column_inner offset=&#8221;vc_col-lg-9 vc_col-md-8&#8243;]<div class=\"eltdf-elements-holder eltdf-responsive-mode-768\" ><div class=\"eltdf-eh-item \" data-item-class=\"eltdf-eh-custom-447652\" data-1024-1280=\"129px 15% 150px 0px\" data-768-1024=\"137px 10% 150px 0px\" data-600-768=\"50px 6% 150px 0px\" data-480-600=\"50px 0% 150px 0px\" data-480=\"50px 0% 150px 0px\" >\n\t<div class=\"eltdf-eh-item-inner\" >\n\t\t<div class=\"eltdf-eh-item-content eltdf-eh-custom-447652\" style=\"padding: 129px 22% 150px 0px\">\n\t\t\t[vc_column_text css=&#8221;&#8221;]\r\n<h6><span style=\"color: #d16d25;\">2024-2023<\/span><\/h6>\r\n[\/vc_column_text][vc_column_text css=&#8221;.vc_custom_1695216485421{margin-top: -24px !important;}&#8221;]\r\n<h3>INFRAMUNDO ROS\u00c9 CABERNET FRANC<\/h3>\r\n[\/vc_column_text][vc_column_text css=&#8221;.vc_custom_1695216495164{margin-top: -5px !important;}&#8221;]Vinho org\u00e2nico e natural com Cabernet Franc da nossa propriedade, sedutor, vibrante e bem equilibrado em aromas e paladar.[\/vc_column_text][vc_empty_space height=&#8221;27px&#8221;]<a itemprop=\"url\" href=\"\/descargas\/FT-INFRAMUNDO_ROSE-CABERNET-FRANC_POR.pdf\" target=\"_blank\" style=\"color: #737272;border-color: #737272;font-size: 14px;font-weight: 300\" class=\"eltdf-btn eltdf-btn-small eltdf-btn-outline eltdf-btn-custom-hover-bg eltdf-btn-custom-border-hover eltdf-btn-custom-hover-color\" data-hover-color=\"#737272\" data-hover-bg-color=\"rgba(255,255,255,0.01)\" data-hover-border-color=\"#d16d25\" >\n    <span class=\"eltdf-btn-text\">FICHA T\u00c9CNICA<\/span>\n    <\/a>[vc_empty_space height=&#8221;27px&#8221;]\t\t<\/div>\n\t<\/div>\n\t<\/div><\/div>[\/vc_column_inner][vc_column_inner offset=&#8221;vc_col-lg-3 vc_col-md-4&#8243;][vc_empty_space height=&#8221;10px&#8221;]<div class=\"eltdf-elements-holder eltdf-responsive-mode-768 eltdf-one-column-alignment-left\" ><div class=\"eltdf-eh-item eltdf-vertical-alignment-top\" data-item-class=\"eltdf-eh-custom-223577\" >\n\t<div class=\"eltdf-eh-item-inner\" >\n\t\t<div class=\"eltdf-eh-item-content eltdf-eh-custom-223577\" style=\"padding: 106px 0px 0px 0px\">\n\t\t\t<div class=\"eltdf-parallax-image\" style=\"height: 600px\">\n\t<img decoding=\"async\" src=\"https:\/\/durigutti.com\/wp-content\/uploads\/2023\/09\/inframundo_cabernet-franc-rose.jpg\" alt=\"inframundo_cabernet-franc-rose\" \/>\n<\/div>\t\t<\/div>\n\t<\/div>\n\t<\/div><\/div>[\/vc_column_inner][\/vc_row_inner][vc_separator][\/vc_column][\/vc_row][vc_row row_content_width=&#8221;grid&#8221; content_text_aligment=&#8221;center&#8221; css=&#8221;.vc_custom_1517362569916{padding-bottom: 50px !important;}&#8221;][vc_column width=&#8221;1\/4&#8243;][\/vc_column][vc_column width=&#8221;1\/4&#8243;][vc_empty_space height=&#8221;30px&#8221;]<a itemprop=\"url\" href=\"\/pt-br\/vinhos-e-bebidas\/vinhos-de-finca\/\" target=\"_self\" style=\"color: #ffffff;background-color: #d16d25;border-color: #d16d25;font-size: 12px;font-weight: 300;margin: 0 20px 0 20px\" class=\"eltdf-btn eltdf-btn-small eltdf-btn-solid eltdf-btn-custom-hover-bg eltdf-btn-custom-border-hover eltdf-btn-custom-hover-color\" data-hover-color=\"#d16d25\" data-hover-bg-color=\"#ffffff\" data-hover-border-color=\"#d16d25\" >\n    <span class=\"eltdf-btn-text\">VOLTAR<\/span>\n    <\/a>[\/vc_column][vc_column width=&#8221;1\/4&#8243;][vc_empty_space height=&#8221;30px&#8221;]<a itemprop=\"url\" href=\"\/pt-br\/vinhos-e-bebidas\/\" target=\"_self\" style=\"color: #ffffff;background-color: #d16d25;border-color: #d16d25;font-size: 12px;font-weight: 300\" class=\"eltdf-btn eltdf-btn-small eltdf-btn-solid eltdf-btn-custom-hover-bg eltdf-btn-custom-border-hover eltdf-btn-custom-hover-color\" data-hover-color=\"#d16d25\" data-hover-bg-color=\"#ffffff\" data-hover-border-color=\"#d16d25\" >\n    <span class=\"eltdf-btn-text\">VER VINHOS E BEBIDAS<\/span>\n    <\/a>[\/vc_column][vc_column width=&#8221;1\/4&#8243;][\/vc_column][\/vc_row][vc_row][vc_column][vc_column_text]\r\n\r\n[\/vc_column_text][\/vc_column][\/vc_row]<!-- \/wp:post-content --><\/div>","protected":false},"excerpt":{"rendered":"<p> [&hellip;]<\/p>\n","protected":false},"author":6,"featured_media":0,"parent":19526,"menu_order":0,"comment_status":"closed","ping_status":"closed","template":"full-width.php","meta":{"_seopress_robots_primary_cat":"","_seopress_titles_title":"","_seopress_titles_desc":"","_seopress_robots_index":"","_monsterinsights_skip_tracking":false,"_monsterinsights_sitenote_active":false,"_monsterinsights_sitenote_note":"","_monsterinsights_sitenote_category":0,"footnotes":""},"class_list":["post-19536","page","type-page","status-publish","hentry"],"_links":{"self":[{"href":"https:\/\/durigutti.com\/pt-br\/wp-json\/wp\/v2\/pages\/19536","targetHints":{"allow":["GET"]}}],"collection":[{"href":"https:\/\/durigutti.com\/pt-br\/wp-json\/wp\/v2\/pages"}],"about":[{"href":"https:\/\/durigutti.com\/pt-br\/wp-json\/wp\/v2\/types\/page"}],"author":[{"embeddable":true,"href":"https:\/\/durigutti.com\/pt-br\/wp-json\/wp\/v2\/users\/6"}],"replies":[{"embeddable":true,"href":"https:\/\/durigutti.com\/pt-br\/wp-json\/wp\/v2\/comments?post=19536"}],"version-history":[{"count":10,"href":"https:\/\/durigutti.com\/pt-br\/wp-json\/wp\/v2\/pages\/19536\/revisions"}],"predecessor-version":[{"id":25435,"href":"https:\/\/durigutti.com\/pt-br\/wp-json\/wp\/v2\/pages\/19536\/revisions\/25435"}],"up":[{"embeddable":true,"href":"https:\/\/durigutti.com\/pt-br\/wp-json\/wp\/v2\/pages\/19526"}],"wp:attachment":[{"href":"https:\/\/durigutti.com\/pt-br\/wp-json\/wp\/v2\/media?parent=19536"}],"curies":[{"name":"wp","href":"https:\/\/api.w.org\/{rel}","templated":true}]}}